{"id":834,"date":"2026-08-05T08:19:47","date_gmt":"2026-08-05T08:19:47","guid":{"rendered":"https:\/\/ostellogransassolaga.it\/?page_id=834"},"modified":"2026-08-07T07:08:13","modified_gmt":"2026-08-07T07:08:13","slug":"home","status":"publish","type":"page","link":"https:\/\/ostellogransassolaga.it\/en\/","title":{"rendered":"Home"},"content":{"rendered":"\t\t<div data-elementor-type=\"wp-page\" data-elementor-id=\"834\" class=\"elementor elementor-834\" data-elementor-post-type=\"page\">\n\t\t\t\t<div class=\"elementor-element elementor-element-263874d e-con-full e-flex e-con e-parent\" data-id=\"263874d\" data-element_type=\"container\" data-e-type=\"container\" data-settings=\"{&quot;background_background&quot;:&quot;classic&quot;}\">\n\t\t<div class=\"elementor-element elementor-element-373ec22 e-con-full e-flex e-con e-child\" data-id=\"373ec22\" data-element_type=\"container\" data-e-type=\"container\">\n\t\t\t\t<div class=\"elementor-element elementor-element-a023696 elementor-widget elementor-widget-heading\" data-id=\"a023696\" data-element_type=\"widget\" data-e-type=\"widget\" data-widget_type=\"heading.default\">\n\t\t\t\t\t<h2 class=\"elementor-heading-title elementor-size-default\">Parco Nazionale del Gran Sasso e Monti della Laga<\/h2>\t\t\t\t<\/div>\n\t\t\t\t<div class=\"elementor-element elementor-element-5597496 elementor-widget elementor-widget-heading\" data-id=\"5597496\" data-element_type=\"widget\" data-e-type=\"widget\" data-widget_type=\"heading.default\">\n\t\t\t\t\t<h2 class=\"elementor-heading-title elementor-size-default\">Ostello <br>Montano Dei Briganti<\/h2>\t\t\t\t<\/div>\n\t\t\t\t<div class=\"elementor-element elementor-element-58f5967 elementor-widget__width-initial elementor-widget elementor-widget-text-editor\" data-id=\"58f5967\" data-element_type=\"widget\" data-e-type=\"widget\" data-widget_type=\"text-editor.default\">\n\t\t\t\t\t\t\t\t\t<p>Situato a 938 metri di quota nel cuore del Parco Nazionale del Gran Sasso e Monti della Laga, l\u2019Ostello Montano dei Briganti sorge a Padula (Cortino).<\/p>\t\t\t\t\t\t\t\t<\/div>\n\t\t\t\t<\/div>\n\t\t\t\t<\/div>\n\t\t<div class=\"elementor-element elementor-element-5746100 e-con-full e-flex e-con e-parent\" data-id=\"5746100\" data-element_type=\"container\" data-e-type=\"container\" data-settings=\"{&quot;background_background&quot;:&quot;classic&quot;}\">\n\t\t<div class=\"elementor-element elementor-element-f7cb6c2 e-con-full e-flex e-con e-child\" data-id=\"f7cb6c2\" data-element_type=\"container\" data-e-type=\"container\">\n\t\t\t\t<div class=\"elementor-element elementor-element-ffe9b78 elementor-widget__width-initial elementor-widget elementor-widget-image\" data-id=\"ffe9b78\" data-element_type=\"widget\" data-e-type=\"widget\" data-widget_type=\"image.default\">\n\t\t\t\t\t\t\t\t\t\t\t\t\t\t\t\t<a href=\"https:\/\/ostellogransassolaga.it\/wp-content\/uploads\/2026\/02\/MODELLO_20I_20-_20Targa_20informativa_20beni_20-_20Logo41.png\" data-elementor-open-lightbox=\"yes\" data-elementor-lightbox-title=\"MODELLO_20I_20-_20Targa_20informativa_20beni_20-_20Logo(4)(1)\" data-e-action-hash=\"#elementor-action%3Aaction%3Dlightbox%26settings%3DeyJpZCI6NzE4LCJ1cmwiOiJodHRwczpcL1wvb3N0ZWxsb2dyYW5zYXNzb2xhZ2EuaXRcL3dwLWNvbnRlbnRcL3VwbG9hZHNcLzIwMjZcLzAyXC9NT0RFTExPXzIwSV8yMC1fMjBUYXJnYV8yMGluZm9ybWF0aXZhXzIwYmVuaV8yMC1fMjBMb2dvNDEucG5nIn0%3D\">\n\t\t\t\t\t\t\t<img fetchpriority=\"high\" decoding=\"async\" width=\"1920\" height=\"1414\" src=\"https:\/\/ostellogransassolaga.it\/wp-content\/uploads\/2026\/02\/MODELLO_20I_20-_20Targa_20informativa_20beni_20-_20Logo41.png\" class=\"attachment-full size-full wp-image-718\" alt=\"\" srcset=\"https:\/\/ostellogransassolaga.it\/wp-content\/uploads\/2026\/02\/MODELLO_20I_20-_20Targa_20informativa_20beni_20-_20Logo41.png 1920w, https:\/\/ostellogransassolaga.it\/wp-content\/uploads\/2026\/02\/MODELLO_20I_20-_20Targa_20informativa_20beni_20-_20Logo41-300x221.png 300w, https:\/\/ostellogransassolaga.it\/wp-content\/uploads\/2026\/02\/MODELLO_20I_20-_20Targa_20informativa_20beni_20-_20Logo41-1024x754.png 1024w, https:\/\/ostellogransassolaga.it\/wp-content\/uploads\/2026\/02\/MODELLO_20I_20-_20Targa_20informativa_20beni_20-_20Logo41-768x566.png 768w, https:\/\/ostellogransassolaga.it\/wp-content\/uploads\/2026\/02\/MODELLO_20I_20-_20Targa_20informativa_20beni_20-_20Logo41-1536x1131.png 1536w, https:\/\/ostellogransassolaga.it\/wp-content\/uploads\/2026\/02\/MODELLO_20I_20-_20Targa_20informativa_20beni_20-_20Logo41-16x12.png 16w\" sizes=\"(max-width: 1920px) 100vw, 1920px\" \/>\t\t\t\t\t\t\t\t<\/a>\n\t\t\t\t\t\t\t\t\t\t\t\t\t\t\t<\/div>\n\t\t<div class=\"elementor-element elementor-element-f62bc90 e-con-full e-flex e-con e-child\" data-id=\"f62bc90\" data-element_type=\"container\" data-e-type=\"container\">\n\t\t\t\t<div class=\"elementor-element elementor-element-41c58e2 elementor-widget__width-initial elementor-widget elementor-widget-text-editor\" data-id=\"41c58e2\" data-element_type=\"widget\" data-e-type=\"widget\" data-widget_type=\"text-editor.default\">\n\t\t\t\t\t\t\t\t\t<p><strong>Descrizione dell&#8217;operazione:<\/strong><br \/>Il progetto di investimento presentato risponde all\u2019esigenza di intercettare il nuovo fenomeno del turismo esperenziale, diventato un pilastro fondamentale dell\u2019industria dei viaggi con sempre pi\u00f9 viaggiatori che scelgono destinazioni e strutture ricettive che abbracciano pratiche green nel turismo, privilegiando l\u2019ambiente e la conservazione delle risorse naturali. L\u2019intervento puntava ad innalzare la qualit\u00e0 ricettiva dell\u2019Ostello della Giovent\u00f9 situato nel borgo di Padula, struttura di propriet\u00e0 del comune di Cortino e gestita dall\u2019impresa proponente Casati Paola, con particolare attenzione a quella categoria di visitatori che apprezzano la natura e la qualit\u00e0 della vita nei piccoli borghi. Con l\u2019attuazione del progetto di investimento sono stati realizzati interventi strutturali e gestionali finalizzati al potenziamento e alla riqualificazione del servizio di ospitalit\u00e0, rendendo la struttura pi\u00f9 funzionale e confortevole e garantendo agli ospiti un soggiorno sano e di qualit\u00e0. L\u2019investimento ha generato un impatto positivo sia sullo sviluppo aziendale, attraverso il miglioramento dei servizi offerti e alla creazione di nuovi servizi avanzati e accessibili a tutti, sia sull\u2019area di riferimento, favorendo la destagionalizzazione dei flussi turistici e la riconoscibilit\u00e0 del Borgo di Padula come destinazione di qualit\u00e0 per il turismo attivo e sostenibile.\u00a0<\/p><p><strong>Riferimenti normativi:<\/strong><br \/>PROGRAMMA OPERATIVO COMPLEMENTARE (POC)<br \/>O.T. 3 \u2013 PROMUOVERE LA COMPETITIVITA\u2019 DELLE PMI<br \/>Avviso pubblico: Turismo esperienziale &#8211; Supporto alle Microimprese per servizi collegati ai territori percorsi dalle \u201cciclovie\u201d e dai \u201ccammini\u201d<br \/>Approvato con Determinazione n. DPA018\/178 del 31\/03\/2025 pubblicato sul BURAT Speciale n. 87\/2025<\/p><p><strong>Sostegno finanziario:<\/strong><br \/>Totale importo spesa ammesso \u20ac 61.591,55<br \/>Totale contributo pubblico concesso \u20ac 48.041,41<\/p>\t\t\t\t\t\t\t\t<\/div>\n\t\t\t\t<\/div>\n\t\t\t\t<\/div>\n\t\t\t\t<\/div>\n\t\t<div class=\"elementor-element elementor-element-10024e6 e-con-full e-flex e-con e-parent\" data-id=\"10024e6\" data-element_type=\"container\" data-e-type=\"container\">\n\t\t\t\t<div class=\"elementor-element elementor-element-3176de9 elementor-widget elementor-widget-heading\" data-id=\"3176de9\" data-element_type=\"widget\" data-e-type=\"widget\" data-widget_type=\"heading.default\">\n\t\t\t\t\t<h2 class=\"elementor-heading-title elementor-size-default\">Ostello<\/h2>\t\t\t\t<\/div>\n\t\t\t\t<div class=\"elementor-element elementor-element-51b9d4e elementor-widget__width-initial elementor-widget elementor-widget-heading\" data-id=\"51b9d4e\" data-element_type=\"widget\" data-e-type=\"widget\" data-widget_type=\"heading.default\">\n\t\t\t\t\t<h2 class=\"elementor-heading-title elementor-size-default\">Soggiorna nel Borgo Montano di Padula a 938 metri nel Cuore dei Monti della Laga<\/h2>\t\t\t\t<\/div>\n\t\t<div class=\"elementor-element elementor-element-d616b26 e-con-full e-flex e-con e-child\" data-id=\"d616b26\" data-element_type=\"container\" data-e-type=\"container\" data-settings=\"{&quot;background_background&quot;:&quot;classic&quot;}\">\n\t\t<div class=\"elementor-element elementor-element-d3ac84f e-con-full e-flex e-con e-child\" data-id=\"d3ac84f\" data-element_type=\"container\" data-e-type=\"container\" data-settings=\"{&quot;background_background&quot;:&quot;classic&quot;}\">\n\t\t\t\t<\/div>\n\t\t<div class=\"elementor-element elementor-element-b586fff e-con-full e-flex e-con e-child\" data-id=\"b586fff\" data-element_type=\"container\" data-e-type=\"container\">\n\t\t\t\t<div class=\"elementor-element elementor-element-58c7778 elementor-widget elementor-widget-text-editor\" data-id=\"58c7778\" data-element_type=\"widget\" data-e-type=\"widget\" data-widget_type=\"text-editor.default\">\n\t\t\t\t\t\t\t\t\t<p>Nel cuore pi\u00f9 profondo e selvaggio del Parco Nazionale del Gran Sasso e Monti della Laga, esiste un luogo dove la strada sembra arrendersi alla natura e il tempo si ferma per ascoltare il silenzio. A 938 metri di quota, l\u2019Ostello Montano dei Briganti accoglie i viaggiatori nel piccolissimo borgo di Padula (Cortino).Questo gioiello di case in pietra arenaria del 1600 \u00e8 un luogo dove la vita scorre ancora secondo i ritmi lenti della montagna. Qui il paesaggio \u00e8 disegnato da torrenti con pozze d&#8217;acqua ideali per un bagno rinfrescante, cascate spettacolari e un lungofiume attrezzato con un\u2019ampia area picnic, un parco giochi e un campo da calcio.Il tesoro architettonico del paese \u00e8 il Santuario della Madonna dei Monti della Laga. A Padula non troverete negozi n\u00e9 alimentari, ma scoprirete una pace autentica: un borgo dove i bambini giocano ancora liberi per le strade e nelle piazze, mentre gli anziani passeggiano immersi nella natura.<\/p>\t\t\t\t\t\t\t\t<\/div>\n\t\t\t\t<div class=\"elementor-element elementor-element-9973e48 elementor-align-center elementor-widget elementor-widget-button\" data-id=\"9973e48\" data-element_type=\"widget\" data-e-type=\"widget\" data-widget_type=\"button.default\">\n\t\t\t\t\t\t\t\t\t\t<a class=\"elementor-button elementor-button-link elementor-size-sm\" href=\"\/cosa-fare-a-padula\">\n\t\t\t\t\t\t<span class=\"elementor-button-content-wrapper\">\n\t\t\t\t\t\t\t\t\t<span class=\"elementor-button-text\">Scopri Padula<\/span>\n\t\t\t\t\t<\/span>\n\t\t\t\t\t<\/a>\n\t\t\t\t\t\t\t\t<\/div>\n\t\t\t\t<\/div>\n\t\t\t\t<\/div>\n\t\t\t\t<\/div>\n\t\t<div class=\"elementor-element elementor-element-9ff2b86 e-con-full e-flex e-con e-parent\" data-id=\"9ff2b86\" data-element_type=\"container\" data-e-type=\"container\">\n\t\t<div class=\"elementor-element elementor-element-aca933a e-con-full e-flex e-con e-child\" data-id=\"aca933a\" data-element_type=\"container\" data-e-type=\"container\" data-settings=\"{&quot;background_background&quot;:&quot;classic&quot;}\">\n\t\t<div class=\"elementor-element elementor-element-bfc4ccc e-con-full e-flex e-con e-child\" data-id=\"bfc4ccc\" data-element_type=\"container\" data-e-type=\"container\" data-settings=\"{&quot;background_background&quot;:&quot;classic&quot;}\">\n\t\t\t\t<\/div>\n\t\t<div class=\"elementor-element elementor-element-4177a9e e-con-full e-flex e-con e-child\" data-id=\"4177a9e\" data-element_type=\"container\" data-e-type=\"container\" data-settings=\"{&quot;background_background&quot;:&quot;classic&quot;}\">\n\t\t<div class=\"elementor-element elementor-element-249213c e-con-full e-flex e-con e-child\" data-id=\"249213c\" data-element_type=\"container\" data-e-type=\"container\">\n\t\t\t\t<div class=\"elementor-element elementor-element-b351c1f elementor-widget elementor-widget-heading\" data-id=\"b351c1f\" data-element_type=\"widget\" data-e-type=\"widget\" data-widget_type=\"heading.default\">\n\t\t\t\t\t<h2 class=\"elementor-heading-title elementor-size-default\">Parco Monti Della Laga<\/h2>\t\t\t\t<\/div>\n\t\t\t\t<div class=\"elementor-element elementor-element-b1ef9e6 elementor-widget elementor-widget-text-editor\" data-id=\"b1ef9e6\" data-element_type=\"widget\" data-e-type=\"widget\" data-widget_type=\"text-editor.default\">\n\t\t\t\t\t\t\t\t\t<p>Il Parco Nazionale del Gran Sasso e Monti della Laga (istituito nel 1992) \u00e8 una vastissima riserva ricca di biodiversit\u00e0. Il territorio \u00e8 diviso in due: a sud le pareti calcaree del Gran Sasso e a nord i rilievi arenacei della Laga. Qui, l&#8217;impermeabilit\u00e0 della roccia d\u00e0 vita a un paesaggio spettacolare fatto di ruscelli e cascate.<\/p>\t\t\t\t\t\t\t\t<\/div>\n\t\t\t\t<div class=\"elementor-element elementor-element-0ab8419 elementor-align-center elementor-widget elementor-widget-button\" data-id=\"0ab8419\" data-element_type=\"widget\" data-e-type=\"widget\" data-widget_type=\"button.default\">\n\t\t\t\t\t\t\t\t\t\t<a class=\"elementor-button elementor-button-link elementor-size-sm\" href=\"\/territorio\">\n\t\t\t\t\t\t<span class=\"elementor-button-content-wrapper\">\n\t\t\t\t\t\t\t\t\t<span class=\"elementor-button-text\">Scopri il Territorio<\/span>\n\t\t\t\t\t<\/span>\n\t\t\t\t\t<\/a>\n\t\t\t\t\t\t\t\t<\/div>\n\t\t\t\t<\/div>\n\t\t\t\t<\/div>\n\t\t\t\t<\/div>\n\t\t\t\t<\/div>\n\t\t<div class=\"elementor-element elementor-element-612bc6d e-con-full e-flex e-con e-parent\" data-id=\"612bc6d\" data-element_type=\"container\" data-e-type=\"container\" data-settings=\"{&quot;background_background&quot;:&quot;classic&quot;}\">\n\t\t<div class=\"elementor-element elementor-element-cbd78b6 e-con-full e-flex e-con e-child\" data-id=\"cbd78b6\" data-element_type=\"container\" data-e-type=\"container\" data-settings=\"{&quot;background_background&quot;:&quot;classic&quot;}\">\n\t\t\t\t<div class=\"elementor-element elementor-element-d061b56 elementor-widget__width-initial elementor-widget elementor-widget-heading\" data-id=\"d061b56\" data-element_type=\"widget\" data-e-type=\"widget\" data-widget_type=\"heading.default\">\n\t\t\t\t\t<h2 class=\"elementor-heading-title elementor-size-default\">L'Ostello <\/h2>\t\t\t\t<\/div>\n\t\t<div class=\"elementor-element elementor-element-33256a5 e-con-full e-flex e-con e-child\" data-id=\"33256a5\" data-element_type=\"container\" data-e-type=\"container\">\n\t\t<div class=\"elementor-element elementor-element-14395c8 e-con-full e-flex e-con e-child\" data-id=\"14395c8\" data-element_type=\"container\" data-e-type=\"container\">\n\t\t\t\t<div class=\"elementor-element elementor-element-8b6ed6b elementor-widget elementor-widget-text-editor\" data-id=\"8b6ed6b\" data-element_type=\"widget\" data-e-type=\"widget\" data-widget_type=\"text-editor.default\">\n\t\t\t\t\t\t\t\t\t<p>L&#8217;Ostello si sviluppa su tre piani e ha una capacit\u00e0 massima di 20 posti letto, a cui si aggiunge un posto riservato per diversamente abili.&nbsp;<\/p><p>Al piano terra si trova una camera accessibile, dotata di bagno privato interno. Ai due piani superiori sono distribuite le restanti 6 camere da letto (3 per piano), anch&#8217;esse tutte dotate di bagno privato completo di doccia. Quattro di queste camere sono provviste di due letti a castello, mentre due camere dispongono di un solo letto a castello; inoltre, quattro stanze sono arricchite da un piccolo terrazzo.&nbsp;<\/p><p>Per garantire il massimo comfort, tutti i letti sono forniti di lenzuola, coperte e piumini, e ogni bagno \u00e8 provvisto di sapone e carta igienica.<\/p>\t\t\t\t\t\t\t\t<\/div>\n\t\t<div class=\"elementor-element elementor-element-48c1fda e-con-full e-flex e-con e-child\" data-id=\"48c1fda\" data-element_type=\"container\" data-e-type=\"container\" data-settings=\"{&quot;background_background&quot;:&quot;classic&quot;}\">\n\t\t\t\t<\/div>\n\t\t\t\t<div class=\"elementor-element elementor-element-1d5c11b elementor-align-center elementor-widget elementor-widget-button\" data-id=\"1d5c11b\" data-element_type=\"widget\" data-e-type=\"widget\" data-widget_type=\"button.default\">\n\t\t\t\t\t\t\t\t\t\t<a class=\"elementor-button elementor-button-link elementor-size-sm\" href=\"\/ostello\">\n\t\t\t\t\t\t<span class=\"elementor-button-content-wrapper\">\n\t\t\t\t\t\t\t\t\t<span class=\"elementor-button-text\">Scopri l'ostello<\/span>\n\t\t\t\t\t<\/span>\n\t\t\t\t\t<\/a>\n\t\t\t\t\t\t\t\t<\/div>\n\t\t\t\t<\/div>\n\t\t\t\t<\/div>\n\t\t\t\t<\/div>\n\t\t\t\t<\/div>\n\t\t<div class=\"elementor-element elementor-element-56442f0 e-con-full e-flex e-con e-parent\" data-id=\"56442f0\" data-element_type=\"container\" data-e-type=\"container\" data-settings=\"{&quot;background_background&quot;:&quot;classic&quot;}\">\n\t\t<div class=\"elementor-element elementor-element-366b550 e-con-full e-flex e-con e-child\" data-id=\"366b550\" data-element_type=\"container\" data-e-type=\"container\" data-settings=\"{&quot;background_background&quot;:&quot;classic&quot;}\">\n\t\t<div class=\"elementor-element elementor-element-65a586b e-con-full e-flex e-con e-child\" data-id=\"65a586b\" data-element_type=\"container\" data-e-type=\"container\">\n\t\t\t\t<div class=\"elementor-element elementor-element-b5bda53 elementor-widget__width-initial elementor-widget elementor-widget-heading\" data-id=\"b5bda53\" data-element_type=\"widget\" data-e-type=\"widget\" data-widget_type=\"heading.default\">\n\t\t\t\t\t<h2 class=\"elementor-heading-title elementor-size-default\">Radici nuove<br> in un'antica terra<\/h2>\t\t\t\t<\/div>\n\t\t\t\t<div class=\"elementor-element elementor-element-6e93ef9 elementor-widget elementor-widget-text-editor\" data-id=\"6e93ef9\" data-element_type=\"widget\" data-e-type=\"widget\" data-widget_type=\"text-editor.default\">\n\t\t\t\t\t\t\t\t\t<p>Fin da giovanissima ho vissuto la montagna in ogni sua forma, fino a realizzare il sogno di abitare in questo piccolo borgo montano, di cui conosco profondamente boschi e vette.&nbsp;<\/p>\n<p>Sono<b> Guida AIGAE<\/b>, <b>volontaria CAI<\/b> e <b>Hospitalera sui cammini<\/b>; per me, accogliere un ospite significa accogliere un amico in uno spirito di fratellanza.<\/p>\n<p>Vivo con felicit\u00e0 di questo lavoro e, dal 2026, sono ufficialmente certificata come operatore della &#8220;Carta Europea del Turismo Sostenibile del Parco Nazionale del Gran Sasso e Monti della Laga 2026-2031&#8221;, un impegno concreto per la tutela e la valorizzazione del nostro territorio.<\/p>\t\t\t\t\t\t\t\t<\/div>\n\t\t\t\t<div class=\"elementor-element elementor-element-13a4b91 elementor-align-center elementor-widget elementor-widget-button\" data-id=\"13a4b91\" data-element_type=\"widget\" data-e-type=\"widget\" data-widget_type=\"button.default\">\n\t\t\t\t\t\t\t\t\t\t<a class=\"elementor-button elementor-button-link elementor-size-sm\" href=\"\/ostello\">\n\t\t\t\t\t\t<span class=\"elementor-button-content-wrapper\">\n\t\t\t\t\t\t\t\t\t<span class=\"elementor-button-text\">Scopri l'ostello<\/span>\n\t\t\t\t\t<\/span>\n\t\t\t\t\t<\/a>\n\t\t\t\t\t\t\t\t<\/div>\n\t\t\t\t<\/div>\n\t\t<div class=\"elementor-element elementor-element-5729cbc e-con-full e-flex e-con e-child\" data-id=\"5729cbc\" data-element_type=\"container\" data-e-type=\"container\" data-settings=\"{&quot;background_background&quot;:&quot;classic&quot;}\">\n\t\t\t\t<\/div>\n\t\t\t\t<\/div>\n\t\t\t\t<\/div>\n\t\t<div class=\"elementor-element elementor-element-e66135d e-con-full e-flex e-con e-parent\" data-id=\"e66135d\" data-element_type=\"container\" data-e-type=\"container\" data-settings=\"{&quot;background_background&quot;:&quot;classic&quot;}\">\n\t\t\t\t<div class=\"elementor-element elementor-element-15ac4f7 elementor-widget__width-initial elementor-widget elementor-widget-heading\" data-id=\"15ac4f7\" data-element_type=\"widget\" data-e-type=\"widget\" data-widget_type=\"heading.default\">\n\t\t\t\t\t<h2 class=\"elementor-heading-title elementor-size-default\">Natura e Trekking sui Monti della Laga<\/h2>\t\t\t\t<\/div>\n\t\t\t\t<div class=\"elementor-element elementor-element-4a6bcdf elementor-widget__width-initial elementor-widget elementor-widget-text-editor\" data-id=\"4a6bcdf\" data-element_type=\"widget\" data-e-type=\"widget\" data-widget_type=\"text-editor.default\">\n\t\t\t\t\t\t\t\t\t<p>Soggiornando all\u2019Ostello Montano dei Briganti si pu\u00f2 avere accesso al diretto ai tesori pi\u00f9 autentici dei Monti della Laga. Il borgo di Padula \u00e8 il punto di partenza per itinerari che spaziano dalle vette ai percorsi rigeneranti lungo l&#8217;acqua.<\/p>\t\t\t\t\t\t\t\t<\/div>\n\t\t\t\t<div class=\"elementor-element elementor-element-f7a28f4 elementor-widget elementor-widget-button\" data-id=\"f7a28f4\" data-element_type=\"widget\" data-e-type=\"widget\" data-widget_type=\"button.default\">\n\t\t\t\t\t\t\t\t\t\t<a class=\"elementor-button elementor-button-link elementor-size-sm\" href=\"\/dintorni\/#trekking\">\n\t\t\t\t\t\t<span class=\"elementor-button-content-wrapper\">\n\t\t\t\t\t\t\t\t\t<span class=\"elementor-button-text\">SCOPRI i percosi di trekking<\/span>\n\t\t\t\t\t<\/span>\n\t\t\t\t\t<\/a>\n\t\t\t\t\t\t\t\t<\/div>\n\t\t\t\t<\/div>\n\t\t<div class=\"elementor-element elementor-element-365ce9a e-con-full e-flex e-con e-parent\" data-id=\"365ce9a\" data-element_type=\"container\" data-e-type=\"container\">\n\t\t<div class=\"elementor-element elementor-element-a7e48ec e-con-full e-flex e-con e-child\" data-id=\"a7e48ec\" data-element_type=\"container\" data-e-type=\"container\">\n\t\t\t\t<div class=\"elementor-element elementor-element-4124460 elementor-widget elementor-widget-heading\" data-id=\"4124460\" data-element_type=\"widget\" data-e-type=\"widget\" data-widget_type=\"heading.default\">\n\t\t\t\t\t<h2 class=\"elementor-heading-title elementor-size-default\">Ci raccontiamo<\/h2>\t\t\t\t<\/div>\n\t\t\t\t<div class=\"elementor-element elementor-element-3899150 elementor-widget elementor-widget-heading\" data-id=\"3899150\" data-element_type=\"widget\" data-e-type=\"widget\" data-widget_type=\"heading.default\">\n\t\t\t\t\t<h2 class=\"elementor-heading-title elementor-size-default\">Le interviste<\/h2>\t\t\t\t<\/div>\n\t\t\t\t<\/div>\n\t\t<div class=\"elementor-element elementor-element-f9cfc44 e-con-full e-flex e-con e-child\" data-id=\"f9cfc44\" data-element_type=\"container\" data-e-type=\"container\">\n\t\t\t\t<div class=\"elementor-element elementor-element-4631c74 elementor-arrows-position-inside elementor-widget elementor-widget-n-carousel\" data-id=\"4631c74\" data-element_type=\"widget\" data-e-type=\"widget\" data-settings=\"{&quot;carousel_items&quot;:[{&quot;slide_title&quot;:&quot;Slide #1&quot;,&quot;_id&quot;:&quot;6a9eb84&quot;},{&quot;slide_title&quot;:&quot;Slide #1&quot;,&quot;_id&quot;:&quot;19ad20e&quot;},{&quot;slide_title&quot;:&quot;Slide #1&quot;,&quot;_id&quot;:&quot;1568f74&quot;}],&quot;slides_to_show&quot;:&quot;3&quot;,&quot;image_spacing_custom&quot;:{&quot;unit&quot;:&quot;px&quot;,&quot;size&quot;:40,&quot;sizes&quot;:[]},&quot;slides_to_show_tablet&quot;:&quot;2&quot;,&quot;slides_to_show_mobile&quot;:&quot;1&quot;,&quot;autoplay&quot;:&quot;yes&quot;,&quot;autoplay_speed&quot;:5000,&quot;pause_on_hover&quot;:&quot;yes&quot;,&quot;pause_on_interaction&quot;:&quot;yes&quot;,&quot;speed&quot;:500,&quot;arrows&quot;:&quot;yes&quot;,&quot;image_spacing_custom_tablet&quot;:{&quot;unit&quot;:&quot;px&quot;,&quot;size&quot;:&quot;&quot;,&quot;sizes&quot;:[]},&quot;image_spacing_custom_mobile&quot;:{&quot;unit&quot;:&quot;px&quot;,&quot;size&quot;:&quot;&quot;,&quot;sizes&quot;:[]}}\" data-widget_type=\"nested-carousel.default\">\n\t\t\t\t\t\t\t<div class=\"e-n-carousel swiper\" role=\"region\" aria-roledescription=\"carousel\" aria-label=\"Carosello\" dir=\"ltr\">\n\t\t\t<div class=\"swiper-wrapper\" aria-live=\"off\">\n\t\t\t\t\t\t\t\t\t\t<div class=\"swiper-slide\" data-slide=\"1\" role=\"group\" aria-roledescription=\"slide\" aria-label=\"1 of 3\">\n\t\t\t\t\t\t\t<div class=\"elementor-element elementor-element-b710b50 e-con-full e-flex e-con e-child\" data-id=\"b710b50\" data-element_type=\"container\" data-e-type=\"container\">\n\t\t<div class=\"elementor-element elementor-element-4f78e6b e-con-full e-flex e-con e-child\" data-id=\"4f78e6b\" data-element_type=\"container\" data-e-type=\"container\" data-settings=\"{&quot;background_background&quot;:&quot;classic&quot;}\">\n\t\t<div class=\"elementor-element elementor-element-11a81c8 e-con-full e-flex e-con e-child\" data-id=\"11a81c8\" data-element_type=\"container\" data-e-type=\"container\" data-settings=\"{&quot;background_background&quot;:&quot;classic&quot;}\">\n\t\t\t\t<div class=\"elementor-element elementor-element-7e6e482 elementor-align-center elementor-widget elementor-widget-button\" data-id=\"7e6e482\" data-element_type=\"widget\" data-e-type=\"widget\" data-widget_type=\"button.default\">\n\t\t\t\t\t\t\t\t\t\t<a class=\"elementor-button elementor-button-link elementor-size-sm\" href=\"https:\/\/www.montagna.tv\/239012\/cambiare-vita-la-storia-di-paola-casati-da-como-a-padula-villaggio-con-solo-tre-residenti-nei-monti-della-laga\/?fbclid=IwY2xjawPWJ19zcnRjBmFwcF9pZBAyMjIwMzkxNzg4MjAwODkyAAEeGH96OYBHSNzqKSemPDuOWbOWtisNtSYZ-MschTw4CRKapNHFK__pLcXF8SQ&#038;brid=XfLm_3aSI6RyHTP0-hgnMA\" target=\"_blank\" rel=\"noopener\">\n\t\t\t\t\t\t<span class=\"elementor-button-content-wrapper\">\n\t\t\t\t\t\t\t\t\t<span class=\"elementor-button-text\">Leggi l'articolo<\/span>\n\t\t\t\t\t<\/span>\n\t\t\t\t\t<\/a>\n\t\t\t\t\t\t\t\t<\/div>\n\t\t\t\t<\/div>\n\t\t\t\t<\/div>\n\t\t\t\t<\/div>\n\t\t\t\t\t\t\t\t<\/div>\n\t\t\t\t\t\t\t\t\t\t\t<div class=\"swiper-slide\" data-slide=\"2\" role=\"group\" aria-roledescription=\"slide\" aria-label=\"2 of 3\">\n\t\t\t\t\t\t\t<div class=\"elementor-element elementor-element-2ca1807 e-con-full e-flex e-con e-child\" data-id=\"2ca1807\" data-element_type=\"container\" data-e-type=\"container\">\n\t\t<div class=\"elementor-element elementor-element-dcce602 e-con-full e-flex e-con e-child\" data-id=\"dcce602\" data-element_type=\"container\" data-e-type=\"container\" data-settings=\"{&quot;background_background&quot;:&quot;classic&quot;}\">\n\t\t<div class=\"elementor-element elementor-element-ecb2b98 e-con-full e-flex e-con e-child\" data-id=\"ecb2b98\" data-element_type=\"container\" data-e-type=\"container\" data-settings=\"{&quot;background_background&quot;:&quot;classic&quot;}\">\n\t\t\t\t<div class=\"elementor-element elementor-element-43bfe8c elementor-align-center elementor-widget elementor-widget-button\" data-id=\"43bfe8c\" data-element_type=\"widget\" data-e-type=\"widget\" data-widget_type=\"button.default\">\n\t\t\t\t\t\t\t\t\t\t<a class=\"elementor-button elementor-button-link elementor-size-sm\" href=\"https:\/\/youtu.be\/CQqFgjGtY8U?si=HlIQyR_ju9is1GGd\" target=\"_blank\" rel=\"noopener\">\n\t\t\t\t\t\t<span class=\"elementor-button-content-wrapper\">\n\t\t\t\t\t\t\t\t\t<span class=\"elementor-button-text\">Vedi video <\/span>\n\t\t\t\t\t<\/span>\n\t\t\t\t\t<\/a>\n\t\t\t\t\t\t\t\t<\/div>\n\t\t\t\t<\/div>\n\t\t\t\t<\/div>\n\t\t\t\t<\/div>\n\t\t\t\t\t\t\t\t<\/div>\n\t\t\t\t\t\t\t\t\t\t\t<div class=\"swiper-slide\" data-slide=\"3\" role=\"group\" aria-roledescription=\"slide\" aria-label=\"3 of 3\">\n\t\t\t\t\t\t\t<div class=\"elementor-element elementor-element-8f3a544 e-con-full e-flex e-con e-child\" data-id=\"8f3a544\" data-element_type=\"container\" data-e-type=\"container\">\n\t\t<div class=\"elementor-element elementor-element-c5162f4 e-con-full e-flex e-con e-child\" data-id=\"c5162f4\" data-element_type=\"container\" data-e-type=\"container\" data-settings=\"{&quot;background_background&quot;:&quot;classic&quot;}\">\n\t\t<div class=\"elementor-element elementor-element-166dec5 e-con-full e-flex e-con e-child\" data-id=\"166dec5\" data-element_type=\"container\" data-e-type=\"container\" data-settings=\"{&quot;background_background&quot;:&quot;classic&quot;}\">\n\t\t\t\t<div class=\"elementor-element elementor-element-f54bed5 elementor-align-center elementor-widget elementor-widget-button\" data-id=\"f54bed5\" data-element_type=\"widget\" data-e-type=\"widget\" data-widget_type=\"button.default\">\n\t\t\t\t\t\t\t\t\t\t<a class=\"elementor-button elementor-button-link elementor-size-sm\" href=\"https:\/\/youtu.be\/ePi0oHVmbAA?si=O3RwFyPH3jORNrRS\" target=\"_blank\" rel=\"noopener\">\n\t\t\t\t\t\t<span class=\"elementor-button-content-wrapper\">\n\t\t\t\t\t\t\t\t\t<span class=\"elementor-button-text\">Vedi video <\/span>\n\t\t\t\t\t<\/span>\n\t\t\t\t\t<\/a>\n\t\t\t\t\t\t\t\t<\/div>\n\t\t\t\t<\/div>\n\t\t\t\t<\/div>\n\t\t\t\t<\/div>\n\t\t\t\t\t\t\t\t<\/div>\n\t\t\t\t\t\t\t\t<\/div>\n\t\t<\/div>\n\t\t\t\t\t<div class=\"elementor-swiper-button elementor-swiper-button-prev\" role=\"button\" tabindex=\"0\" aria-label=\"Previous\">\n\t\t\t\t<svg aria-hidden=\"true\" class=\"e-font-icon-svg e-eicon-chevron-left\" viewBox=\"0 0 1000 1000\" xmlns=\"http:\/\/www.w3.org\/2000\/svg\"><path d=\"M646 125C629 125 613 133 604 142L308 442C296 454 292 471 292 487 292 504 296 521 308 533L604 854C617 867 629 875 646 875 663 875 679 871 692 858 704 846 713 829 713 812 713 796 708 779 692 767L438 487 692 225C700 217 708 204 708 187 708 171 704 154 692 142 675 129 663 125 646 125Z\"><\/path><\/svg>\t\t\t<\/div>\n\t\t\t<div class=\"elementor-swiper-button elementor-swiper-button-next\" role=\"button\" tabindex=\"0\" aria-label=\"Next\">\n\t\t\t\t<svg aria-hidden=\"true\" class=\"e-font-icon-svg e-eicon-chevron-right\" viewBox=\"0 0 1000 1000\" xmlns=\"http:\/\/www.w3.org\/2000\/svg\"><path d=\"M696 533C708 521 713 504 713 487 713 471 708 454 696 446L400 146C388 133 375 125 354 125 338 125 325 129 313 142 300 154 292 171 292 187 292 204 296 221 308 233L563 492 304 771C292 783 288 800 288 817 288 833 296 850 308 863 321 871 338 875 354 875 371 875 388 867 400 854L696 533Z\"><\/path><\/svg>\t\t\t<\/div>\n\t\t\t\t\t\t<\/div>\n\t\t\t\t<\/div>\n\t\t\t\t<\/div>\n\t\t<div class=\"elementor-element elementor-element-bc04181 e-con-full elementor-hidden-desktop elementor-hidden-tablet elementor-hidden-mobile e-flex e-con e-parent\" data-id=\"bc04181\" data-element_type=\"container\" data-e-type=\"container\" data-settings=\"{&quot;background_background&quot;:&quot;classic&quot;}\">\n\t\t<div class=\"elementor-element elementor-element-fdf7346 e-con-full e-flex e-con e-child\" data-id=\"fdf7346\" data-element_type=\"container\" data-e-type=\"container\">\n\t\t\t\t<div class=\"elementor-element elementor-element-37aeba2 elementor-widget elementor-widget-heading\" data-id=\"37aeba2\" data-element_type=\"widget\" data-e-type=\"widget\" data-widget_type=\"heading.default\">\n\t\t\t\t\t<h2 class=\"elementor-heading-title elementor-size-default\">Gli eventi<\/h2>\t\t\t\t<\/div>\n\t\t\t\t<div class=\"elementor-element elementor-element-1756927 elementor-icon-list--layout-traditional elementor-list-item-link-full_width elementor-widget elementor-widget-icon-list\" data-id=\"1756927\" data-element_type=\"widget\" data-e-type=\"widget\" data-widget_type=\"icon-list.default\">\n\t\t\t\t\t\t\t<ul class=\"elementor-icon-list-items\">\n\t\t\t\t\t\t\t<li class=\"elementor-icon-list-item\">\n\t\t\t\t\t\t\t\t\t\t\t<a href=\"https:\/\/www.facebook.com\/PappapperodiPaola\/?locale=it_IT\" target=\"_blank\" rel=\"noopener\">\n\n\t\t\t\t\t\t\t\t\t\t\t\t<span class=\"elementor-icon-list-icon\">\n\t\t\t\t\t\t\t<svg aria-hidden=\"true\" class=\"e-font-icon-svg e-fab-facebook\" viewBox=\"0 0 512 512\" xmlns=\"http:\/\/www.w3.org\/2000\/svg\"><path d=\"M504 256C504 119 393 8 256 8S8 119 8 256c0 123.78 90.69 226.38 209.25 245V327.69h-63V256h63v-54.64c0-62.15 37-96.48 93.67-96.48 27.14 0 55.52 4.84 55.52 4.84v61h-31.28c-30.8 0-40.41 19.12-40.41 38.73V256h68.78l-11 71.69h-57.78V501C413.31 482.38 504 379.78 504 256z\"><\/path><\/svg>\t\t\t\t\t\t<\/span>\n\t\t\t\t\t\t\t\t\t\t<span class=\"elementor-icon-list-text\">Seguici su facebook<\/span>\n\t\t\t\t\t\t\t\t\t\t\t<\/a>\n\t\t\t\t\t\t\t\t\t<\/li>\n\t\t\t\t\t\t<\/ul>\n\t\t\t\t\t\t<\/div>\n\t\t\t\t<div class=\"elementor-element elementor-element-e0aeaf2 elementor-widget elementor-widget-heading\" data-id=\"e0aeaf2\" data-element_type=\"widget\" data-e-type=\"widget\" data-widget_type=\"heading.default\">\n\t\t\t\t\t<h2 class=\"elementor-heading-title elementor-size-default\">Seguici <\/h2>\t\t\t\t<\/div>\n\t\t\t\t<\/div>\n\t\t<div class=\"elementor-element elementor-element-8d32671 e-con-full e-flex e-con e-child\" data-id=\"8d32671\" data-element_type=\"container\" data-e-type=\"container\">\n\t\t\t\t<div class=\"elementor-element elementor-element-fe6452d elementor-widget elementor-widget-shortcode\" data-id=\"fe6452d\" data-element_type=\"widget\" data-e-type=\"widget\" data-widget_type=\"shortcode.default\">\n\t\t\t\t\t\t\t<div class=\"elementor-shortcode\"><div class=\"cff-wrapper\"><div class=\"cff-wrapper-ctn \" ><div id=\"cff\"  class=\"cff cff-list-container  cff-default-styles  cff-mob-cols-1 cff-tab-cols-1 cff-palette-1 \"   style=\"width:100%;\"   data-char=\"400\"  data-nummobile=\"1\" data-pag-num=\"3\"  data-cff-flags=\"gdpr\" ><div class=\"cff-posts-wrap\"><div id=\"cff_102434059214478_1029138446550731\" class=\"cff-item cff-photo-post cff-box author-b-b-pappappero-e-ostello-monti-della-laga\" >\n\t\n<div class=\"cff-post-text\" >\n\t<span class=\"cff-text\" data-color=\"\">\n\t\tAvete ancora oggi per iscrivervi \ud83d\ude0a<span class=\"cff-post-desc\"  style=\"font-size:12px;\" >\ud83d\udce3 \ud83d\udce3\ud83d\udce3 Dopo le baldorie estive si ricomincia con le escursioni... \ud83d\ude01<img class=\"cff-linebreak\" \/>La prima escursione gioved\u00ec 20 agosto, a grande richiesta, il classico Anello di Padula con le sue cascate \ud83d\ude0d Le cascate di Padula anche ad agosto sono spettacolari! \ud83e\udd29<img class=\"cff-linebreak\" \/>Percorso alla portata di tutti in compagnia di Anna che ci parler\u00e0 di erbe e piante.<img class=\"cff-linebreak\" \/>Contattatemi!!! \ud83c\udf8a <\/span>\t\t\t<\/span>\n\t<span class=\"cff-expand\">... <a href=\"#\" style=\"color: #\"><span class=\"cff-more\">See More<\/span><span class=\"cff-less\">See Less<\/span><\/a><\/span>\n\n<\/div>\n\n<p class=\"cff-media-link\">\n\t<a href=\"https:\/\/www.facebook.com\/photo.php?fbid=1028170756647500&#038;set=a.126783150119603&#038;type=3\" target=\"_blank\" style=\"color: #\" rel=\"noopener\">\n\t\t<span style=\"padding-right: 5px;\" class=\"fa fas fa-picture-o fa-image\"><\/span>Photo\t<\/a>\n<\/p>\n\t<\/div>\n\n\n\n<div id=\"cff_102434059214478_1028239666640609\" class=\"cff-item cff-video-post cff-box author-b-b-pappappero-e-ostello-monti-della-laga\" >\n\t\n<div class=\"cff-post-text\" >\n\t<span class=\"cff-text\" data-color=\"\">\n\t\t.... E se le condizioni (e i partecipanti) lo permetteranno.. gioved\u00ec prossimo andremo a vedere anche questa fantastica (e sconosciuta) cascata nascosta nel bosco... \ud83e\udd29\t\t\t<\/span>\n\t<span class=\"cff-expand\">... <a href=\"#\" style=\"color: #\"><span class=\"cff-more\">See More<\/span><span class=\"cff-less\">See Less<\/span><\/a><\/span>\n\n<\/div>\n\n<p class=\"cff-media-link\">\n\t<a href=\"https:\/\/www.facebook.com\/102434059214478\/posts\/1028239666640609\" target=\"_blank\" style=\"color: #\" rel=\"noopener\">\n\t\t<span style=\"padding-right: 5px;\" class=\"fa fas fa-video-camera fa-video\"><\/span>Video\t<\/a>\n<\/p>\n\t<\/div>\n\n\n\n<div id=\"cff_102434059214478_1028170789980830\" class=\"cff-item cff-photo-post cff-box author-b-b-pappappero-e-ostello-monti-della-laga\" >\n\t\n<div class=\"cff-post-text\" >\n\t<span class=\"cff-text\" data-color=\"\">\n\t\t\ud83d\udce3 \ud83d\udce3\ud83d\udce3 Dopo le baldorie estive si ricomincia con le escursioni... \ud83d\ude01<img class=\"cff-linebreak\" \/>La prima escursione gioved\u00ec 20 agosto, a grande richiesta, il classico Anello di Padula con le sue cascate \ud83d\ude0d Le cascate di Padula anche ad agosto sono spettacolari! \ud83e\udd29<img class=\"cff-linebreak\" \/>Percorso alla portata di tutti in compagnia di Anna che ci parler\u00e0 di erbe e piante.<img class=\"cff-linebreak\" \/>Contattatemi!!! \ud83c\udf8a\t\t\t<\/span>\n\t<span class=\"cff-expand\">... <a href=\"#\" style=\"color: #\"><span class=\"cff-more\">See More<\/span><span class=\"cff-less\">See Less<\/span><\/a><\/span>\n\n<\/div>\n\n<p class=\"cff-media-link\">\n\t<a href=\"https:\/\/www.facebook.com\/photo.php?fbid=1028170756647500&#038;set=a.126783150119603&#038;type=3\" target=\"_blank\" style=\"color: #\" rel=\"noopener\">\n\t\t<span style=\"padding-right: 5px;\" class=\"fa fas fa-picture-o fa-image\"><\/span>Photo\t<\/a>\n<\/p>\n\t<\/div>\n\n\n\n\n<div class=\"cff-likebox cff-bottom\" >\n\t\t<iframe title=\"Likebox Iframe\" src=\"\" class=\"fb_iframe_widget\" data-likebox-id=\"102434059214478\" data-likebox-width=\"300\" data-likebox-header=\"\" data-hide-cover=\"\" data-hide-cta=\"\" data-likebox-faces=\"\" data-height=\"130\" data-locale=\"en_US\" scrolling=\"no\" allowTransparency=\"true\" allow=\"encrypted-media\" ><\/iframe>\n<\/div>\n<\/div><input class=\"cff-pag-url\" type=\"hidden\" data-locatornonce=\"8c15610471\" data-cff-shortcode=\"{&quot;feed&quot;: &quot;1&quot;}\" data-post-id=\"834\" data-feed-id=\"102434059214478\"><\/div><\/div><div class=\"cff-clear\"><\/div><\/div><style type=\"text\/css\">\n#cff.cff-palette-1  .cff-item,\n#cff.cff-palette-1  .cff-item.cff-box,\n#cff.cff-palette-1  .cff-item.cff-box:first-child,\n#cff.cff-palette-1  .cff-album-item {\n  background-color: #00000000;\n}\n#cff.cff-palette-1  .cff-view-comments,\n#cff.cff-palette-1  .cff-load-more,\n#cff.cff-palette-1  .cff-shared-link {\n  background-color: #FFFFFF00;\n}\n#cff.cff-palette-1  .cff-comment .cff-comment-text p,\n#cff.cff-palette-1  .cff-album-info p,\n#cff.cff-palette-1  .cff-story,\n#cff.cff-palette-1  .cff-text {\n  color: #FFFFFF;\n}\n#cff.cff-palette-1  .cff-comment-date,\n#cff.cff-palette-1  .cff-text-link .cff-post-desc,\n#cff.cff-palette-1  .cff-link-caption,\n#cff.cff-palette-1  .cff-date {\n  color: #FFFFFF;\n}\n#cff.cff-palette-1  a,\n#cff.cff-palette-1  .cff-post-links a,\n#cff.cff-palette-1  a {\n  color: #FFFFFF;\n}\n<\/style><\/div>\n\t\t\t\t\t\t<\/div>\n\t\t\t\t<\/div>\n\t\t\t\t<\/div>\n\t\t\t\t<\/div>\n\t\t","protected":false},"excerpt":{"rendered":"<p>Parco Nazionale del Gran Sasso e Monti della Laga Ostello Montano Dei Briganti Situato a 938 metri di quota nel cuore del Parco Nazionale del Gran Sasso e Monti della Laga, l\u2019Ostello Montano dei Briganti sorge a Padula (Cortino). Descrizione dell&#8217;operazione:Il progetto di investimento presentato risponde all\u2019esigenza di intercettare il nuovo fenomeno del turismo esperenziale, [&hellip;]<\/p>\n","protected":false},"author":1,"featured_media":0,"parent":0,"menu_order":0,"comment_status":"closed","ping_status":"closed","template":"elementor_header_footer","meta":{"footnotes":""},"class_list":["post-834","page","type-page","status-publish","hentry"],"_links":{"self":[{"href":"https:\/\/ostellogransassolaga.it\/en\/wp-json\/wp\/v2\/pages\/834","targetHints":{"allow":["GET"]}}],"collection":[{"href":"https:\/\/ostellogransassolaga.it\/en\/wp-json\/wp\/v2\/pages"}],"about":[{"href":"https:\/\/ostellogransassolaga.it\/en\/wp-json\/wp\/v2\/types\/page"}],"author":[{"embeddable":true,"href":"https:\/\/ostellogransassolaga.it\/en\/wp-json\/wp\/v2\/users\/1"}],"replies":[{"embeddable":true,"href":"https:\/\/ostellogransassolaga.it\/en\/wp-json\/wp\/v2\/comments?post=834"}],"version-history":[{"count":13,"href":"https:\/\/ostellogransassolaga.it\/en\/wp-json\/wp\/v2\/pages\/834\/revisions"}],"predecessor-version":[{"id":851,"href":"https:\/\/ostellogransassolaga.it\/en\/wp-json\/wp\/v2\/pages\/834\/revisions\/851"}],"wp:attachment":[{"href":"https:\/\/ostellogransassolaga.it\/en\/wp-json\/wp\/v2\/media?parent=834"}],"curies":[{"name":"wp","href":"https:\/\/api.w.org\/{rel}","templated":true}]}}